{"version":"1.0","provider_name":"Colegio Pumahue Temuco","provider_url":"https:\/\/www.pumahue.cl\/temuco","author_name":"jorgedelcampo","author_url":"https:\/\/www.pumahue.cl\/temuco\/noticias\/author\/jorgedelcampo\/","title":"Hoy vivimos el inicio del a\u00f1o escolar 2023 - Colegio Pumahue Temuco","type":"rich","width":600,"height":338,"html":"<blockquote class=\"wp-embedded-content\" data-secret=\"t0OOc3m3UQ\"><a href=\"https:\/\/www.pumahue.cl\/temuco\/noticias\/hoy-vivimos-el-inicio-del-ano-escolar-2023\/\">Hoy vivimos el inicio del a\u00f1o escolar 2023<\/a><\/blockquote><iframe sandbox=\"allow-scripts\" security=\"restricted\" src=\"https:\/\/www.pumahue.cl\/temuco\/noticias\/hoy-vivimos-el-inicio-del-ano-escolar-2023\/embed\/#?secret=t0OOc3m3UQ\" width=\"600\" height=\"338\" title=\"\u00abHoy vivimos el inicio del a\u00f1o escolar 2023\u00bb \u2014 Colegio Pumahue Temuco\" data-secret=\"t0OOc3m3UQ\" frameborder=\"0\" marginwidth=\"0\" marginheight=\"0\" scrolling=\"no\" class=\"wp-embedded-content\"><\/iframe><script type=\"text\/javascript\">\n\/* <![CDATA[ *\/\n\/*! This file is auto-generated *\/\n!function(d,l){\"use strict\";l.querySelector&&d.addEventListener&&\"undefined\"!=typeof URL&&(d.wp=d.wp||{},d.wp.receiveEmbedMessage||(d.wp.receiveEmbedMessage=function(e){var t=e.data;if((t||t.secret||t.message||t.value)&&!\/[^a-zA-Z0-9]\/.test(t.secret)){for(var s,r,n,a=l.querySelectorAll('iframe[data-secret=\"'+t.secret+'\"]'),o=l.querySelectorAll('blockquote[data-secret=\"'+t.secret+'\"]'),c=new RegExp(\"^https?:$\",\"i\"),i=0;i<o.length;i++)o[i].style.display=\"none\";for(i=0;i<a.length;i++)s=a[i],e.source===s.contentWindow&&(s.removeAttribute(\"style\"),\"height\"===t.message?(1e3<(r=parseInt(t.value,10))?r=1e3:~~r<200&&(r=200),s.height=r):\"link\"===t.message&&(r=new URL(s.getAttribute(\"src\")),n=new URL(t.value),c.test(n.protocol))&&n.host===r.host&&l.activeElement===s&&(d.top.location.href=t.value))}},d.addEventListener(\"message\",d.wp.receiveEmbedMessage,!1),l.addEventListener(\"DOMContentLoaded\",function(){for(var e,t,s=l.querySelectorAll(\"iframe.wp-embedded-content\"),r=0;r<s.length;r++)(t=(e=s[r]).getAttribute(\"data-secret\"))||(t=Math.random().toString(36).substring(2,12),e.src+=\"#?secret=\"+t,e.setAttribute(\"data-secret\",t)),e.contentWindow.postMessage({message:\"ready\",secret:t},\"*\")},!1)))}(window,document);\n\/\/# sourceURL=https:\/\/www.pumahue.cl\/temuco\/wp-includes\/js\/wp-embed.min.js\n\/* ]]> *\/\n<\/script>\n","thumbnail_url":"https:\/\/www.pumahue.cl\/temuco\/wp-content\/uploads\/sites\/49\/2025\/02\/cropped-logo_Pumahue_.png","thumbnail_width":512,"thumbnail_height":512,"description":"Hoy en nuestro Colegio se vivi\u00f3 el inicio de clases de este a\u00f1o 2023. En esta ocasi\u00f3n, la entrada de los estudiantes fue diferida, es decir ingresaron solo los estudiantes de educaci\u00f3n Parvularia y 1\u00b0B\u00e1sico, incorpor\u00e1ndose el resto de los estudiantes durante la semana. Nuestro Rector, Franklin \u00c1vila recibi\u00f3 la visita del Alcalde de Temuco, [&hellip;]"}